{"id":419,"date":"2018-07-25T09:55:26","date_gmt":"2018-07-25T07:55:26","guid":{"rendered":"http:\/\/lapartdelinvisible.com\/?page_id=419"},"modified":"2025-09-01T18:22:41","modified_gmt":"2025-09-01T16:22:41","slug":"contact","status":"publish","type":"page","link":"https:\/\/lapartdelinvisible.com\/index.php\/contact\/","title":{"rendered":"Les Extracteurs"},"content":{"rendered":"\n<figure class=\"wp-block-image size-large\"><img loading=\"lazy\" decoding=\"async\" width=\"1024\" height=\"683\" src=\"https:\/\/lapartdelinvisible.com\/wp-content\/uploads\/2024\/10\/IMG-20220906-WA0074-1024x683.jpg\" alt=\"\" class=\"wp-image-1491\" srcset=\"https:\/\/lapartdelinvisible.com\/wp-content\/uploads\/2024\/10\/IMG-20220906-WA0074-1024x683.jpg 1024w, https:\/\/lapartdelinvisible.com\/wp-content\/uploads\/2024\/10\/IMG-20220906-WA0074-300x200.jpg 300w, https:\/\/lapartdelinvisible.com\/wp-content\/uploads\/2024\/10\/IMG-20220906-WA0074-768x512.jpg 768w, https:\/\/lapartdelinvisible.com\/wp-content\/uploads\/2024\/10\/IMG-20220906-WA0074-1320x880.jpg 1320w, https:\/\/lapartdelinvisible.com\/wp-content\/uploads\/2024\/10\/IMG-20220906-WA0074.jpg 1368w\" sizes=\"auto, (max-width: 1024px) 100vw, 1024px\" \/><\/figure>\n\n\n\n<p>Une troupe n\u00e9e dans un th\u00e9\u00e2tre au milieu des champs, sur la promesse de construire un th\u00e9\u00e2tre populaire et exigeant. L\u00e0, au milieu des champs, loin des centres-villes. L\u00e0 o\u00f9 normalement le th\u00e9\u00e2tre ne pousse pas.<\/p>\n\n\n\n<p>D\u2019abord, cette utopie a \u00e9t\u00e9 port\u00e9e par Cathy Brisset et Jean-Pierre Beauredon qui ont r\u00eav\u00e9 ce th\u00e9\u00e2tre au Tracteur \u00e0 Cintegabelle pendant de nombreuses ann\u00e9es.<\/p>\n\n\n\n<p>Une troupe vieille de plus de 15 ans avec on peut l\u2019imaginer, son histoire, ses d\u00e9parts, ses retours, ses disputes. Et surtout son ciment&nbsp;: la jubilation, cette joie&nbsp; \u00e0 jouer ensemble qui nous fait sentir que l\u2019on est vivant &#8211; intens\u00e9ment.<\/p>\n\n\n\n<p>Et voil\u00e0 une bande de com\u00e9diens que l\u2019on nomme amateur, mais qui ont l\u2019exigence, la passion de ceux qu\u2019on appelle les \u00ab&nbsp;professionnels&nbsp;\u00bb. Ceux qui en vivent et qui parfois doivent faire des compromis\u2026 Ici, le th\u00e9\u00e2tre ne fait pas vivre p\u00e9cuniairement ces com\u00e9diens et com\u00e9diennes et c\u2019est peut-\u00eatre ce qui rend leur geste si puissant, car seule la passion porte ce mouvement collectif.<\/p>\n\n\n\n<p>Depuis 2019 la com\u00e9dienne et metteuse en sc\u00e8ne Rachel Da Silva accompagne la troupe. Elle est maintenant h\u00e9berg\u00e9e au sein de la compagnie professionnelle La Part de l\u2019Invisible et partage ainsi le grand projet artistique de la compagnie qui est de poursuivre le r\u00eave d\u2019un th\u00e9\u00e2tre exigeant et populaire dans les campagnes, en ville, sous les arbres, au bord des chemins, l\u00e0 o\u00f9 il y a un public curieux pour partager, penser, r\u00eaver ensemble.<br>Ce public qui, chaque ann\u00e9e, attend impatiemment la prochaine cr\u00e9ation des Extracteurs, pour revoir celles et ceux qui les ont fait rire ou pleurer, pour voir leurs corps incarn\u00e9s dans d\u2019autres passions, d\u2019autres folies.<\/p>\n\n\n\n<p>Et eux, la troupe, se retrouve chaque ann\u00e9e avec les m\u00eames grognons qu\u2019on adore et qui \u00e9nervent, les grandes gueules qui ne peuvent pas s\u2019 emp\u00eacher de l\u2019ouvrir, les hypocondriaques, ceux qui sont toujours \u00e0 la bourre, ceux qui se font d\u00e9sirer, ceux qui en font toujours trop, ceux qui aide jamais, mais tous qu\u2019on aime comme ils sont.<\/p>\n\n\n\n<p>Le th\u00e9\u00e2tre est l\u00e0 pour mettre \u00e0 nu l\u2019humain &#8211; bancal, imparfait , emp\u00eatr\u00e9 dans ses contradictions &#8211; et pour nous r\u00e9unir dans un m\u00eame espace, autour d\u2019une langue, et se raconter comment on est vivant ensemble. Tout simplement.<\/p>\n\n\n\n<div class=\"wp-block-cover\" style=\"min-height:428px;aspect-ratio:unset;\"><span aria-hidden=\"true\" class=\"wp-block-cover__background has-background-dim\"><\/span><img loading=\"lazy\" decoding=\"async\" width=\"1600\" height=\"720\" class=\"wp-block-cover__image-background wp-image-1507\" alt=\"\" src=\"http:\/\/lapartdelinvisible.com\/wp-content\/uploads\/2024\/10\/IMG-20220906-WA0000.jpg\" data-object-fit=\"cover\" srcset=\"https:\/\/lapartdelinvisible.com\/wp-content\/uploads\/2024\/10\/IMG-20220906-WA0000.jpg 1600w, https:\/\/lapartdelinvisible.com\/wp-content\/uploads\/2024\/10\/IMG-20220906-WA0000-300x135.jpg 300w, https:\/\/lapartdelinvisible.com\/wp-content\/uploads\/2024\/10\/IMG-20220906-WA0000-1024x461.jpg 1024w, https:\/\/lapartdelinvisible.com\/wp-content\/uploads\/2024\/10\/IMG-20220906-WA0000-768x346.jpg 768w, https:\/\/lapartdelinvisible.com\/wp-content\/uploads\/2024\/10\/IMG-20220906-WA0000-1536x691.jpg 1536w, https:\/\/lapartdelinvisible.com\/wp-content\/uploads\/2024\/10\/IMG-20220906-WA0000-1320x594.jpg 1320w\" sizes=\"auto, (max-width: 1600px) 100vw, 1600px\" \/><div class=\"wp-block-cover__inner-container is-layout-flow wp-block-cover-is-layout-flow\">\n<p class=\"has-text-align-center has-large-font-size\">QUE S&rsquo;OUVRE LE TH\u00c9\u00c2TRE, M&#8230;.!<\/p>\n<\/div><\/div>\n\n\n\n<p><\/p>\n\n\n\n<p>\u201cCette s\u00e9rie de sketchs nous confronte \u00e0 une collection de personnages hors-normes, tendus entre la d\u00e9mesure de leurs d\u00e9sirs et l\u2019\u00e9troitesse de leur quotidien. Quel formidable terrain de jeu pour les com\u00e9diens et com\u00e9diennes de donner vie \u00e0 ces \u00eatres maladroits, \u00e9motifs, cruels, cass\u00e9s, hypersensibles et incapable de trouver une place dans le r\u00e9el. Ils nous mettent face \u00e0 cette vertigineuse question :<\/p>\n\n\n\n<p>\u00ab Qu\u2019est-ce qu\u2019un \u00eatre humain ? \u00bb Ils y r\u00e9pondent par un grand \u00e9clat de rire cinglant !\u201d<\/p>\n\n\n\n<p>Avec : Guy Antoina, Martine Blanc, Patrick Doyen, Cathy Gouze, Tania Jouffrey, S\u00e9bastien Lucas, Dominique Michaud, Myriam Naeyaert, Sophie Rueda, Lola Santamaria, Doroth\u00e9e Simon &amp; Laurie Suran. Mise en sc\u00e8ne : Rachel Da Silva<\/p>\n\n\n\n<figure class=\"wp-block-gallery has-nested-images columns-default is-cropped wp-block-gallery-1 is-layout-flex wp-block-gallery-is-layout-flex\">\n<figure class=\"wp-block-image size-large\"><img loading=\"lazy\" decoding=\"async\" width=\"1024\" height=\"553\" data-id=\"1509\" src=\"https:\/\/lapartdelinvisible.com\/wp-content\/uploads\/2024\/10\/Capture-decran-2024-10-13-a-10.51.42-1024x553.png\" alt=\"\" class=\"wp-image-1509\" srcset=\"https:\/\/lapartdelinvisible.com\/wp-content\/uploads\/2024\/10\/Capture-decran-2024-10-13-a-10.51.42-1024x553.png 1024w, https:\/\/lapartdelinvisible.com\/wp-content\/uploads\/2024\/10\/Capture-decran-2024-10-13-a-10.51.42-300x162.png 300w, https:\/\/lapartdelinvisible.com\/wp-content\/uploads\/2024\/10\/Capture-decran-2024-10-13-a-10.51.42-768x415.png 768w, https:\/\/lapartdelinvisible.com\/wp-content\/uploads\/2024\/10\/Capture-decran-2024-10-13-a-10.51.42.png 1144w\" sizes=\"auto, (max-width: 1024px) 100vw, 1024px\" \/><\/figure>\n\n\n\n<figure class=\"wp-block-image size-large\"><img loading=\"lazy\" decoding=\"async\" width=\"1024\" height=\"519\" data-id=\"1514\" src=\"https:\/\/lapartdelinvisible.com\/wp-content\/uploads\/2024\/10\/Capture-decran-2024-10-13-a-10.58.02-1024x519.png\" alt=\"\" class=\"wp-image-1514\" srcset=\"https:\/\/lapartdelinvisible.com\/wp-content\/uploads\/2024\/10\/Capture-decran-2024-10-13-a-10.58.02-1024x519.png 1024w, https:\/\/lapartdelinvisible.com\/wp-content\/uploads\/2024\/10\/Capture-decran-2024-10-13-a-10.58.02-300x152.png 300w, https:\/\/lapartdelinvisible.com\/wp-content\/uploads\/2024\/10\/Capture-decran-2024-10-13-a-10.58.02-768x389.png 768w, https:\/\/lapartdelinvisible.com\/wp-content\/uploads\/2024\/10\/Capture-decran-2024-10-13-a-10.58.02.png 1224w\" sizes=\"auto, (max-width: 1024px) 100vw, 1024px\" \/><\/figure>\n\n\n\n<figure class=\"wp-block-image size-large\"><img loading=\"lazy\" decoding=\"async\" width=\"990\" height=\"564\" data-id=\"1512\" src=\"https:\/\/lapartdelinvisible.com\/wp-content\/uploads\/2024\/10\/Capture-decran-2024-10-13-a-10.51.19.png\" alt=\"\" class=\"wp-image-1512\" srcset=\"https:\/\/lapartdelinvisible.com\/wp-content\/uploads\/2024\/10\/Capture-decran-2024-10-13-a-10.51.19.png 990w, https:\/\/lapartdelinvisible.com\/wp-content\/uploads\/2024\/10\/Capture-decran-2024-10-13-a-10.51.19-300x171.png 300w, https:\/\/lapartdelinvisible.com\/wp-content\/uploads\/2024\/10\/Capture-decran-2024-10-13-a-10.51.19-768x438.png 768w\" sizes=\"auto, (max-width: 990px) 100vw, 990px\" \/><\/figure>\n\n\n\n<figure class=\"wp-block-image size-large\"><img loading=\"lazy\" decoding=\"async\" width=\"1024\" height=\"565\" data-id=\"1511\" src=\"https:\/\/lapartdelinvisible.com\/wp-content\/uploads\/2024\/10\/Capture-decran-2024-10-13-a-10.50.57-1024x565.png\" alt=\"\" class=\"wp-image-1511\" srcset=\"https:\/\/lapartdelinvisible.com\/wp-content\/uploads\/2024\/10\/Capture-decran-2024-10-13-a-10.50.57-1024x565.png 1024w, https:\/\/lapartdelinvisible.com\/wp-content\/uploads\/2024\/10\/Capture-decran-2024-10-13-a-10.50.57-300x165.png 300w, https:\/\/lapartdelinvisible.com\/wp-content\/uploads\/2024\/10\/Capture-decran-2024-10-13-a-10.50.57-768x424.png 768w, https:\/\/lapartdelinvisible.com\/wp-content\/uploads\/2024\/10\/Capture-decran-2024-10-13-a-10.50.57.png 1146w\" sizes=\"auto, (max-width: 1024px) 100vw, 1024px\" \/><\/figure>\n<\/figure>\n\n\n\n<h2 class=\"wp-block-heading\">IN BED WITH MOLI\u00c8RE <\/h2>\n\n\n\n<p>Cr\u00e9ation 2022-2023 <\/p>\n\n\n\n<figure class=\"wp-block-gallery has-nested-images columns-default is-cropped wp-block-gallery-2 is-layout-flex wp-block-gallery-is-layout-flex\">\n<figure class=\"wp-block-image size-large\"><img loading=\"lazy\" decoding=\"async\" width=\"1024\" height=\"587\" data-id=\"1410\" src=\"https:\/\/lapartdelinvisible.com\/wp-content\/uploads\/2024\/09\/Capture-decran-2023-10-01-a-15.16.35-1024x587.png\" alt=\"\" class=\"wp-image-1410\" srcset=\"https:\/\/lapartdelinvisible.com\/wp-content\/uploads\/2024\/09\/Capture-decran-2023-10-01-a-15.16.35-1024x587.png 1024w, https:\/\/lapartdelinvisible.com\/wp-content\/uploads\/2024\/09\/Capture-decran-2023-10-01-a-15.16.35-300x172.png 300w, https:\/\/lapartdelinvisible.com\/wp-content\/uploads\/2024\/09\/Capture-decran-2023-10-01-a-15.16.35-768x440.png 768w, https:\/\/lapartdelinvisible.com\/wp-content\/uploads\/2024\/09\/Capture-decran-2023-10-01-a-15.16.35-1536x880.png 1536w, https:\/\/lapartdelinvisible.com\/wp-content\/uploads\/2024\/09\/Capture-decran-2023-10-01-a-15.16.35-2048x1173.png 2048w, https:\/\/lapartdelinvisible.com\/wp-content\/uploads\/2024\/09\/Capture-decran-2023-10-01-a-15.16.35-1320x756.png 1320w\" sizes=\"auto, (max-width: 1024px) 100vw, 1024px\" \/><\/figure>\n\n\n\n<figure class=\"wp-block-image size-large\"><img loading=\"lazy\" decoding=\"async\" width=\"934\" height=\"845\" data-id=\"1503\" src=\"https:\/\/lapartdelinvisible.com\/wp-content\/uploads\/2024\/10\/numerise_20240904-1224-01.jpg\" alt=\"\" class=\"wp-image-1503\" srcset=\"https:\/\/lapartdelinvisible.com\/wp-content\/uploads\/2024\/10\/numerise_20240904-1224-01.jpg 934w, https:\/\/lapartdelinvisible.com\/wp-content\/uploads\/2024\/10\/numerise_20240904-1224-01-300x271.jpg 300w, https:\/\/lapartdelinvisible.com\/wp-content\/uploads\/2024\/10\/numerise_20240904-1224-01-768x695.jpg 768w\" sizes=\"auto, (max-width: 934px) 100vw, 934px\" \/><\/figure>\n\n\n\n<figure class=\"wp-block-image size-large\"><img loading=\"lazy\" decoding=\"async\" width=\"1024\" height=\"598\" data-id=\"1499\" src=\"https:\/\/lapartdelinvisible.com\/wp-content\/uploads\/2024\/10\/IMG-20231002-WA0006-1024x598.jpg\" alt=\"\" class=\"wp-image-1499\" srcset=\"https:\/\/lapartdelinvisible.com\/wp-content\/uploads\/2024\/10\/IMG-20231002-WA0006-1024x598.jpg 1024w, https:\/\/lapartdelinvisible.com\/wp-content\/uploads\/2024\/10\/IMG-20231002-WA0006-300x175.jpg 300w, https:\/\/lapartdelinvisible.com\/wp-content\/uploads\/2024\/10\/IMG-20231002-WA0006-768x449.jpg 768w, https:\/\/lapartdelinvisible.com\/wp-content\/uploads\/2024\/10\/IMG-20231002-WA0006-1536x898.jpg 1536w, https:\/\/lapartdelinvisible.com\/wp-content\/uploads\/2024\/10\/IMG-20231002-WA0006-1320x771.jpg 1320w, https:\/\/lapartdelinvisible.com\/wp-content\/uploads\/2024\/10\/IMG-20231002-WA0006.jpg 1600w\" sizes=\"auto, (max-width: 1024px) 100vw, 1024px\" \/><\/figure>\n\n\n\n<figure class=\"wp-block-image size-large\"><img loading=\"lazy\" decoding=\"async\" width=\"1024\" height=\"484\" data-id=\"1515\" src=\"https:\/\/lapartdelinvisible.com\/wp-content\/uploads\/2024\/10\/Capture-decran-2024-10-13-a-11.01.40-1024x484.png\" alt=\"\" class=\"wp-image-1515\" srcset=\"https:\/\/lapartdelinvisible.com\/wp-content\/uploads\/2024\/10\/Capture-decran-2024-10-13-a-11.01.40-1024x484.png 1024w, https:\/\/lapartdelinvisible.com\/wp-content\/uploads\/2024\/10\/Capture-decran-2024-10-13-a-11.01.40-300x142.png 300w, https:\/\/lapartdelinvisible.com\/wp-content\/uploads\/2024\/10\/Capture-decran-2024-10-13-a-11.01.40-768x363.png 768w, https:\/\/lapartdelinvisible.com\/wp-content\/uploads\/2024\/10\/Capture-decran-2024-10-13-a-11.01.40.png 1172w\" sizes=\"auto, (max-width: 1024px) 100vw, 1024px\" \/><\/figure>\n<\/figure>\n\n\n\n<p>Une troupe de th\u00e9\u00e2tre d\u00e9cide de monter Moli\u00e8re au grand d\u00e9sespoir de certaines personnes qui auraient pr\u00e9f\u00e9r\u00e9 du contemporain. C\u2019est oublier que les hommes n\u2019ont gu\u00e8re chang\u00e9 depuis ce temps-l\u00e0! Pour preuve : Trissotin ravive et les corps au son de son tambour chamanique, Alceste vibre dans la poitrine d\u2019une adolescente punk, B\u00e9lise berce les c\u0153urs esseul\u00e9s en compagnie de Juliette Armanet, Chrysale devient addicte aux chamallows et chausse du 2 tandis qu\u2019Henriette fait une lap dance torride pour apprendre \u00e0 sa grande soeur l\u2019existence de son corps. Tout cela dans le quotidien d\u2019une troupe de th\u00e9\u00e2tre, entre r\u00e9p\u00e9titions, coups de gueule et grands \u00e9clats de rire. Et puis, qui n\u2019a jamais r\u00eav\u00e9 d\u2019\u00eatre au lit avec Moli\u00e8re ?<\/p>\n\n\n\n<p>Avec : Martine Blanc, Patrick Doyen, Cathy Gouze, Tania Jouffrey, S\u00e9bastien Lucas, Sophie Rueda, Lola Santamaria, Doroth\u00e9e Simon &amp;Laurie Suran. Mise en sc\u00e8ne: Rachel Da Silva<\/p>\n\n\n\n<h2 class=\"wp-block-heading\">L&rsquo;OURS ET LA DEMANDE EN MARIAGE D&rsquo;ANTON TCHEKHOV<\/h2>\n\n\n\n<p>Cr\u00e9ation 2024-2025<\/p>\n\n\n\n<figure class=\"wp-block-gallery has-nested-images columns-default is-cropped wp-block-gallery-3 is-layout-flex wp-block-gallery-is-layout-flex\">\n<figure class=\"wp-block-image size-large\"><img loading=\"lazy\" decoding=\"async\" width=\"943\" height=\"1024\" data-id=\"1488\" src=\"https:\/\/lapartdelinvisible.com\/wp-content\/uploads\/2024\/10\/Capture-decran-2024-10-07-a-13.45.20-943x1024.png\" alt=\"\" class=\"wp-image-1488\" srcset=\"https:\/\/lapartdelinvisible.com\/wp-content\/uploads\/2024\/10\/Capture-decran-2024-10-07-a-13.45.20-943x1024.png 943w, https:\/\/lapartdelinvisible.com\/wp-content\/uploads\/2024\/10\/Capture-decran-2024-10-07-a-13.45.20-276x300.png 276w, https:\/\/lapartdelinvisible.com\/wp-content\/uploads\/2024\/10\/Capture-decran-2024-10-07-a-13.45.20-768x834.png 768w, https:\/\/lapartdelinvisible.com\/wp-content\/uploads\/2024\/10\/Capture-decran-2024-10-07-a-13.45.20-1414x1536.png 1414w, https:\/\/lapartdelinvisible.com\/wp-content\/uploads\/2024\/10\/Capture-decran-2024-10-07-a-13.45.20-1320x1434.png 1320w, https:\/\/lapartdelinvisible.com\/wp-content\/uploads\/2024\/10\/Capture-decran-2024-10-07-a-13.45.20.png 1460w\" sizes=\"auto, (max-width: 943px) 100vw, 943px\" \/><\/figure>\n\n\n\n<figure class=\"wp-block-image size-large\"><img loading=\"lazy\" decoding=\"async\" width=\"588\" height=\"1024\" data-id=\"1487\" src=\"https:\/\/lapartdelinvisible.com\/wp-content\/uploads\/2024\/10\/Capture-decran-2024-10-07-a-14.19.13-588x1024.png\" alt=\"\" class=\"wp-image-1487\" srcset=\"https:\/\/lapartdelinvisible.com\/wp-content\/uploads\/2024\/10\/Capture-decran-2024-10-07-a-14.19.13-588x1024.png 588w, https:\/\/lapartdelinvisible.com\/wp-content\/uploads\/2024\/10\/Capture-decran-2024-10-07-a-14.19.13-172x300.png 172w, https:\/\/lapartdelinvisible.com\/wp-content\/uploads\/2024\/10\/Capture-decran-2024-10-07-a-14.19.13-768x1337.png 768w, https:\/\/lapartdelinvisible.com\/wp-content\/uploads\/2024\/10\/Capture-decran-2024-10-07-a-14.19.13.png 883w\" sizes=\"auto, (max-width: 588px) 100vw, 588px\" \/><\/figure>\n\n\n\n<figure class=\"wp-block-image size-large\"><img loading=\"lazy\" decoding=\"async\" width=\"412\" height=\"1024\" data-id=\"1484\" src=\"https:\/\/lapartdelinvisible.com\/wp-content\/uploads\/2024\/10\/Capture-decran-2024-10-07-a-13.52.22-412x1024.png\" alt=\"\" class=\"wp-image-1484\" srcset=\"https:\/\/lapartdelinvisible.com\/wp-content\/uploads\/2024\/10\/Capture-decran-2024-10-07-a-13.52.22-412x1024.png 412w, https:\/\/lapartdelinvisible.com\/wp-content\/uploads\/2024\/10\/Capture-decran-2024-10-07-a-13.52.22-121x300.png 121w, https:\/\/lapartdelinvisible.com\/wp-content\/uploads\/2024\/10\/Capture-decran-2024-10-07-a-13.52.22.png 644w\" sizes=\"auto, (max-width: 412px) 100vw, 412px\" \/><\/figure>\n<\/figure>\n\n\n\n<p><strong>L\u2019Ours :<\/strong><\/p>\n\n\n\n<p>Popova, jeune veuve \u00e0 fossettes, rencontre Smirnov venu r\u00e9cup\u00e9rer l\u2019argent que son mari de lui devait. Popova refuse de payer, l\u2019ours persiste et d\u00e9cide donc de rester chez elle et d\u2019attendre son d\u00fb. La rencontre de ces deux \u00eatres solitaires et d\u00e9sabus\u00e9s sera aussi violente que passionn\u00e9e.&nbsp;<\/p>\n\n\n\n<p><strong>La Demande en Mariage :<\/strong><\/p>\n\n\n\n<p>&nbsp;Lomov&nbsp; jeune propri\u00e9taire hypocondriaque, timide et maladroit se pr\u00e9sente chez son voisin pour lui demander la main de sa fille Natalia. Mais lorsqu\u2019il dit \u00eatre le propri\u00e9taire d\u2019un terrain que Natalia pense poss\u00e9der, la visite s\u2019av\u00e8re franchement moins romantique\u2026Et bient\u00f4t, l\u2019amour c\u00e9dera la place \u00e0 l\u2019int\u00e9r\u00eat.&nbsp; Tchekhov \u00e0 travers ces deux com\u00e9dies au rythme endiabl\u00e9 parle de l\u2019\u00e9mancipation des femmes.&nbsp; Ici, elles ne sont pas des petites choses fragiles, elles s\u2019opposent, s\u2019affirment face aux d\u00e9sirs grossiers des hommes.&nbsp;Tchekhov leur restitue une r\u00e9elle une puissance. Ce sera dans la friction des d\u00e9sirs contrari\u00e9s que l\u2019amour \u00e9mergera.<\/p>\n\n\n\n<p>Avec : Patrick Doyen, Cathy Gouze, Tania Jouffrey, S\u00e9bastien Lucas, Sophie Rueda &amp;Laurie Suran. Mise en sc\u00e8ne: Rachel Da Silva<\/p>\n\n\n\n<h2 class=\"wp-block-heading\">\u00ab Quand Dieu accorde enfin le mariage \u00e0 quelqu\u2019un, il ne peut s\u2019emp\u00eacher, par la m\u00eame occasion, de lui refiler un enterrement ! \u00bb<br><\/h2>\n\n\n\n<p>Cr\u00e9ation 2024-2025<br><br>\u00c0 l\u2019agonie, une vielle femme se meurt aupr\u00e8s de son fils. Elle prend conscience dans ses derniers soupirs qu\u2019il n\u2019y aura personne \u00e0 ces fun\u00e9railles, car le reste de la famille a pr\u00e9vu le mariage de sa ni\u00e8ce le lendemain.<\/p>\n\n\n\n<p>Son fils se pr\u00e9cipite, en pleine nuit pour annoncer le d\u00e9c\u00e8s de sa m\u00e8re \u00e0 ses cousins et les inviter \u00e0 son enterrement.<\/p>\n\n\n\n<p>Mariage ou fun\u00e9railles, la famille et la belle-famille choisissent. Hors de question d\u2019annuler le projet merveilleux d\u2019une vie pour un enterrement sordide. Ils d\u00e9cident qu\u2019ils pleureront la vieille tante, oui, mais apr\u00e8s le mariage ! Et tous courent, volent, chantent pour \u00e9viter d\u2019entendre la nouvelle.&nbsp;<\/p>\n\n\n\n<p>Avec : Martine Blanc, Patrick Doyen, Cathy Gouze, Tania Jouffrey, S\u00e9bastien Lucas, Dominique Michaud, Sophie Rueda, Lola Santamaria, Doroth\u00e9e Simon &amp; Laurie Suran. Mise en sc\u00e8ne : Rachel Da Silva<\/p>\n\n\n\n<figure class=\"wp-block-image size-large is-resized\"><img loading=\"lazy\" decoding=\"async\" width=\"672\" height=\"1024\" src=\"http:\/\/lapartdelinvisible.com\/wp-content\/uploads\/2025\/09\/DSC0635-672x1024.jpg\" alt=\"\" class=\"wp-image-1556\" style=\"width:270px;height:auto\" srcset=\"https:\/\/lapartdelinvisible.com\/wp-content\/uploads\/2025\/09\/DSC0635-672x1024.jpg 672w, https:\/\/lapartdelinvisible.com\/wp-content\/uploads\/2025\/09\/DSC0635-197x300.jpg 197w, https:\/\/lapartdelinvisible.com\/wp-content\/uploads\/2025\/09\/DSC0635-768x1170.jpg 768w, https:\/\/lapartdelinvisible.com\/wp-content\/uploads\/2025\/09\/DSC0635-1008x1536.jpg 1008w, https:\/\/lapartdelinvisible.com\/wp-content\/uploads\/2025\/09\/DSC0635-1344x2048.jpg 1344w, https:\/\/lapartdelinvisible.com\/wp-content\/uploads\/2025\/09\/DSC0635-1320x2012.jpg 1320w, https:\/\/lapartdelinvisible.com\/wp-content\/uploads\/2025\/09\/DSC0635-scaled.jpg 1680w\" sizes=\"auto, (max-width: 672px) 100vw, 672px\" \/><\/figure>\n\n\n\n<p><\/p>\n","protected":false},"excerpt":{"rendered":"<p>Une troupe n\u00e9e dans un th\u00e9\u00e2tre au milieu des champs, sur la promesse de construire un th\u00e9\u00e2tre populaire et exigeant. L\u00e0, au milieu des champs, loin des centres-villes. L\u00e0 o\u00f9 <a class=\"more-link\" href=\"https:\/\/lapartdelinvisible.com\/index.php\/contact\/\">Continue Reading \u2192<\/a><\/p>\n","protected":false},"author":1,"featured_media":0,"parent":0,"menu_order":0,"comment_status":"closed","ping_status":"closed","template":"page-disable-sidebar.php","meta":{"footnotes":""},"class_list":["post-419","page","type-page","status-publish","hentry"],"_links":{"self":[{"href":"https:\/\/lapartdelinvisible.com\/index.php\/wp-json\/wp\/v2\/pages\/419","targetHints":{"allow":["GET"]}}],"collection":[{"href":"https:\/\/lapartdelinvisible.com\/index.php\/wp-json\/wp\/v2\/pages"}],"about":[{"href":"https:\/\/lapartdelinvisible.com\/index.php\/wp-json\/wp\/v2\/types\/page"}],"author":[{"embeddable":true,"href":"https:\/\/lapartdelinvisible.com\/index.php\/wp-json\/wp\/v2\/users\/1"}],"replies":[{"embeddable":true,"href":"https:\/\/lapartdelinvisible.com\/index.php\/wp-json\/wp\/v2\/comments?post=419"}],"version-history":[{"count":33,"href":"https:\/\/lapartdelinvisible.com\/index.php\/wp-json\/wp\/v2\/pages\/419\/revisions"}],"predecessor-version":[{"id":1561,"href":"https:\/\/lapartdelinvisible.com\/index.php\/wp-json\/wp\/v2\/pages\/419\/revisions\/1561"}],"wp:attachment":[{"href":"https:\/\/lapartdelinvisible.com\/index.php\/wp-json\/wp\/v2\/media?parent=419"}],"curies":[{"name":"wp","href":"https:\/\/api.w.org\/{rel}","templated":true}]}}